{"id":4118,"date":"2025-05-22T18:38:11","date_gmt":"2025-05-22T16:38:11","guid":{"rendered":"https:\/\/somescola.com\/?page_id=4118"},"modified":"2026-04-02T17:37:07","modified_gmt":"2026-04-02T15:37:07","slug":"politica-de-privacidad","status":"publish","type":"page","link":"https:\/\/somescola.com\/es\/politica-de-privacidad\/","title":{"rendered":"Pol\u00edtica de privacidad"},"content":{"rendered":"\n<h2 class=\"wp-block-heading\">Qui\u00e9nes somos<\/h2>\n\n<p><strong class=\"privacy-policy-tutorial\">Texto sugerido: <\/strong>Nuestra direcci\u00f3n web es: https:\/\/somescola.com.<\/p>\n\n<h2 class=\"wp-block-heading\">Comentarios<\/h2>\n\n<p><strong class=\"privacy-policy-tutorial\">Texto sugerido: <\/strong>Cuando los visitantes dejan comentarios en la web, recopilamos los datos que se muestran en el formulario de contacto, as\u00ed como la direcci\u00f3n IP del visitante y la cadena del agente de usuario del navegador para ayudar a la detecci\u00f3n de spam.<\/p>\n\n<p>Se puede proporcionar una cadena anonimizada creada a partir de su direcci\u00f3n de correo electr\u00f3nico (tambi\u00e9n llamada hash) al servicio Gravatar para ver si la est\u00e1 usando. La pol\u00edtica de privacidad del servicio Gravatar est\u00e1 disponible aqu\u00ed: https:\/\/automattic.com\/privacy\/. Una vez aprobado el comentario, la imagen de su perfil ser\u00e1 visible para el p\u00fablico en el contexto del comentario. <\/p>\n\n<h2 class=\"wp-block-heading\">Medios<\/h2>\n\n<p><strong class=\"privacy-policy-tutorial\">Texto sugerido: <\/strong>Si sube im\u00e1genes al sitio web, debe evitar subir im\u00e1genes que incluyan datos de geolocalizaci\u00f3n (GPS EXIF) incrustados. Los visitantes del sitio web pueden descargar y extraer cualquier informaci\u00f3n de las im\u00e1genes de la web. <\/p>\n\n<h2 class=\"wp-block-heading\">Cookies<\/h2>\n\n<p><strong class=\"privacy-policy-tutorial\">Texto sugerido: <\/strong>Si deja un comentario en el sitio web, puede optar por guardar su nombre, direcci\u00f3n de correo electr\u00f3nico y sitio web en las cookies. Esto es para su comodidad, para que no tenga que volver a rellenar sus datos cuando realice otro comentario. Estas cookies durar\u00e1n un a\u00f1o.  <\/p>\n\n<p>Si tiene una cuenta e inicia sesi\u00f3n en este sitio web, se establecer\u00e1 una cookie temporal para determinar si su navegador acepta cookies. Esta cookie no contiene datos personales y se eliminar\u00e1 al cerrar el navegador. <\/p>\n\n<p>Cuando inicie sesi\u00f3n, tambi\u00e9n se configurar\u00e1n varias cookies para guardar su informaci\u00f3n de inicio de sesi\u00f3n y sus opciones de visualizaci\u00f3n de pantalla. Las cookies de inicio de sesi\u00f3n duran dos d\u00edas y las de opciones de pantalla duran un a\u00f1o. Si selecciona \u201cRecordarme\u201d, el inicio de sesi\u00f3n persistir\u00e1 durante dos semanas. Si cierra sesi\u00f3n, las cookies de inicio de sesi\u00f3n se eliminar\u00e1n.   <\/p>\n\n<p>Si edita o publica un art\u00edculo, se guardar\u00e1 una cookie adicional en su navegador. Esta cookie no incluye datos personales y simplemente indica el ID de la entrada que acaba de editar. Caduca despu\u00e9s de 1 d\u00eda.  <\/p>\n\n<h2 class=\"wp-block-heading\">Contenido incrustado de otros sitios web<\/h2>\n\n<p><strong class=\"privacy-policy-tutorial\">Texto sugerido: <\/strong>Los art\u00edculos de este sitio web incluyen contenido incrustado (p. ej., v\u00eddeos, im\u00e1genes, art\u00edculos, etc.). El contenido incrustado de otros sitios web se comporta exactamente de la misma manera que si el visitante estuviera visitando el otro sitio web. <\/p>\n\n<p>Estos sitios web pueden recopilar datos sobre usted, utilizar cookies, incrustar un seguimiento adicional de terceros y supervisar su interacci\u00f3n con ese contenido incrustado, incluido el seguimiento de su interacci\u00f3n con el contenido incrustado si tiene una cuenta e inicia sesi\u00f3n en ese sitio web.<\/p>\n\n<h2 class=\"wp-block-heading\">Con qui\u00e9n compartimos sus datos<\/h2>\n\n<p><strong class=\"privacy-policy-tutorial\">Texto sugerido: <\/strong>Si solicita un restablecimiento de contrase\u00f1a, su direcci\u00f3n IP se incluir\u00e1 en el correo electr\u00f3nico de restablecimiento.<\/p>\n\n<h2 class=\"wp-block-heading\">Cu\u00e1nto tiempo conservamos sus datos<\/h2>\n\n<p><strong class=\"privacy-policy-tutorial\">Texto sugerido: <\/strong>Si deja un comentario, el comentario y sus metadatos se conservan indefinidamente. Esto es para que podamos reconocer y aprobar autom\u00e1ticamente cualquier comentario posterior en lugar de mantenerlos en una cola de moderaci\u00f3n. <\/p>\n\n<p>Para los usuarios que se registran en nuestra web (si los hay), tambi\u00e9n almacenamos la informaci\u00f3n personal que proporcionan en su perfil de usuario. Todos los usuarios pueden ver, editar o eliminar su informaci\u00f3n personal en cualquier momento (excepto que no pueden cambiar su nombre de usuario). Los administradores del sitio web tambi\u00e9n pueden ver y editar esa informaci\u00f3n.  <\/p>\n\n<h2 class=\"wp-block-heading\">Qu\u00e9 derechos tiene sobre sus datos<\/h2>\n\n<p><strong class=\"privacy-policy-tutorial\">Texto sugerido: <\/strong>Si tiene una cuenta en este sitio web o ha dejado comentarios, puede solicitar recibir un archivo de exportaci\u00f3n de los datos personales que tenemos sobre usted, incluyendo cualquier dato que nos haya proporcionado. Tambi\u00e9n puede solicitar que eliminemos cualquier dato personal que tengamos sobre usted. Esto no incluye ning\u00fan dato que estemos obligados a conservar con fines administrativos, legales o de seguridad.  <\/p>\n\n<h2 class=\"wp-block-heading\">D\u00f3nde se env\u00edan sus datos<\/h2>\n\n<p><strong class=\"privacy-policy-tutorial\">Texto sugerido: <\/strong>Los comentarios de los visitantes puede que los revise un servicio de detecci\u00f3n autom\u00e1tica de spam.<\/p>\n","protected":false},"excerpt":{"rendered":"<p>Qui\u00e9nes somos Texto sugerido: Nuestra direcci\u00f3n web es: https:\/\/somescola.com. Comentarios  [&#8230;]<\/p>\n","protected":false},"author":1,"featured_media":0,"parent":0,"menu_order":0,"comment_status":"closed","ping_status":"open","template":"","meta":{"_acf_changed":false,"footnotes":""},"class_list":["post-4118","page","type-page","status-publish","hentry"],"acf":[],"yoast_head":"<!-- This site is optimized with the Yoast SEO plugin v27.1.1 - https:\/\/yoast.com\/product\/yoast-seo-wordpress\/ -->\n<title>Pol\u00edtica de privacidad - Som Escola<\/title>\n<meta name=\"robots\" content=\"index, follow, max-snippet:-1, max-image-preview:large, max-video-preview:-1\" \/>\n<link rel=\"canonical\" href=\"https:\/\/somescola.com\/es\/politica-de-privacidad\/\" \/>\n<meta property=\"og:locale\" content=\"es_ES\" \/>\n<meta property=\"og:type\" content=\"article\" \/>\n<meta property=\"og:title\" content=\"Pol\u00edtica de privacidad - Som Escola\" \/>\n<meta property=\"og:description\" content=\"Qui\u00e9nes somos Texto sugerido: Nuestra direcci\u00f3n web es: https:\/\/somescola.com. Comentarios [...]\" \/>\n<meta property=\"og:url\" content=\"https:\/\/somescola.com\/es\/politica-de-privacidad\/\" \/>\n<meta property=\"og:site_name\" content=\"Som Escola\" \/>\n<meta property=\"article:publisher\" content=\"https:\/\/www.facebook.com\/somescolavalencia\" \/>\n<meta property=\"article:modified_time\" content=\"2026-04-02T15:37:07+00:00\" \/>\n<meta name=\"twitter:card\" content=\"summary_large_image\" \/>\n<meta name=\"twitter:label1\" content=\"Tiempo de lectura\" \/>\n\t<meta name=\"twitter:data1\" content=\"4 minutos\" \/>\n<script type=\"application\/ld+json\" class=\"yoast-schema-graph\">{\"@context\":\"https:\/\/schema.org\",\"@graph\":[{\"@type\":\"WebPage\",\"@id\":\"https:\/\/somescola.com\/es\/politica-de-privacidad\/\",\"url\":\"https:\/\/somescola.com\/es\/politica-de-privacidad\/\",\"name\":\"Pol\u00edtica de privacidad - Som Escola\",\"isPartOf\":{\"@id\":\"https:\/\/somescola.com\/es\/#website\"},\"datePublished\":\"2025-05-22T16:38:11+00:00\",\"dateModified\":\"2026-04-02T15:37:07+00:00\",\"breadcrumb\":{\"@id\":\"https:\/\/somescola.com\/es\/politica-de-privacidad\/#breadcrumb\"},\"inLanguage\":\"es\",\"potentialAction\":[{\"@type\":\"ReadAction\",\"target\":[\"https:\/\/somescola.com\/es\/politica-de-privacidad\/\"]}]},{\"@type\":\"BreadcrumbList\",\"@id\":\"https:\/\/somescola.com\/es\/politica-de-privacidad\/#breadcrumb\",\"itemListElement\":[{\"@type\":\"ListItem\",\"position\":1,\"name\":\"Inici\",\"item\":\"https:\/\/somescola.com\/es\/home\/\"},{\"@type\":\"ListItem\",\"position\":2,\"name\":\"Pol\u00edtica de privacidad\"}]},{\"@type\":\"WebSite\",\"@id\":\"https:\/\/somescola.com\/es\/#website\",\"url\":\"https:\/\/somescola.com\/es\/\",\"name\":\"Som Escola\",\"description\":\"Escola cooperativa valenciana\",\"publisher\":{\"@id\":\"https:\/\/somescola.com\/es\/#organization\"},\"potentialAction\":[{\"@type\":\"SearchAction\",\"target\":{\"@type\":\"EntryPoint\",\"urlTemplate\":\"https:\/\/somescola.com\/es\/?s={search_term_string}\"},\"query-input\":{\"@type\":\"PropertyValueSpecification\",\"valueRequired\":true,\"valueName\":\"search_term_string\"}}],\"inLanguage\":\"es\"},{\"@type\":\"Organization\",\"@id\":\"https:\/\/somescola.com\/es\/#organization\",\"name\":\"Som Escola\",\"url\":\"https:\/\/somescola.com\/es\/\",\"logo\":{\"@type\":\"ImageObject\",\"inLanguage\":\"es\",\"@id\":\"https:\/\/somescola.com\/es\/#\/schema\/logo\/image\/\",\"url\":\"https:\/\/somescola.com\/wp-content\/uploads\/2025\/05\/Logo_Som_Escola_png.png\",\"contentUrl\":\"https:\/\/somescola.com\/wp-content\/uploads\/2025\/05\/Logo_Som_Escola_png.png\",\"width\":2022,\"height\":1609,\"caption\":\"Som Escola\"},\"image\":{\"@id\":\"https:\/\/somescola.com\/es\/#\/schema\/logo\/image\/\"},\"sameAs\":[\"https:\/\/www.facebook.com\/somescolavalencia\",\"https:\/\/www.instagram.com\/somescolavalencia\/\",\"https:\/\/www.youtube.com\/@somescolavalencia1324\"]}]}<\/script>\n<!-- \/ Yoast SEO plugin. -->","yoast_head_json":{"title":"Pol\u00edtica de privacidad - Som Escola","robots":{"index":"index","follow":"follow","max-snippet":"max-snippet:-1","max-image-preview":"max-image-preview:large","max-video-preview":"max-video-preview:-1"},"canonical":"https:\/\/somescola.com\/es\/politica-de-privacidad\/","og_locale":"es_ES","og_type":"article","og_title":"Pol\u00edtica de privacidad - Som Escola","og_description":"Qui\u00e9nes somos Texto sugerido: Nuestra direcci\u00f3n web es: https:\/\/somescola.com. Comentarios [...]","og_url":"https:\/\/somescola.com\/es\/politica-de-privacidad\/","og_site_name":"Som Escola","article_publisher":"https:\/\/www.facebook.com\/somescolavalencia","article_modified_time":"2026-04-02T15:37:07+00:00","twitter_card":"summary_large_image","twitter_misc":{"Tiempo de lectura":"4 minutos"},"schema":{"@context":"https:\/\/schema.org","@graph":[{"@type":"WebPage","@id":"https:\/\/somescola.com\/es\/politica-de-privacidad\/","url":"https:\/\/somescola.com\/es\/politica-de-privacidad\/","name":"Pol\u00edtica de privacidad - Som Escola","isPartOf":{"@id":"https:\/\/somescola.com\/es\/#website"},"datePublished":"2025-05-22T16:38:11+00:00","dateModified":"2026-04-02T15:37:07+00:00","breadcrumb":{"@id":"https:\/\/somescola.com\/es\/politica-de-privacidad\/#breadcrumb"},"inLanguage":"es","potentialAction":[{"@type":"ReadAction","target":["https:\/\/somescola.com\/es\/politica-de-privacidad\/"]}]},{"@type":"BreadcrumbList","@id":"https:\/\/somescola.com\/es\/politica-de-privacidad\/#breadcrumb","itemListElement":[{"@type":"ListItem","position":1,"name":"Inici","item":"https:\/\/somescola.com\/es\/home\/"},{"@type":"ListItem","position":2,"name":"Pol\u00edtica de privacidad"}]},{"@type":"WebSite","@id":"https:\/\/somescola.com\/es\/#website","url":"https:\/\/somescola.com\/es\/","name":"Som Escola","description":"Escola cooperativa valenciana","publisher":{"@id":"https:\/\/somescola.com\/es\/#organization"},"potentialAction":[{"@type":"SearchAction","target":{"@type":"EntryPoint","urlTemplate":"https:\/\/somescola.com\/es\/?s={search_term_string}"},"query-input":{"@type":"PropertyValueSpecification","valueRequired":true,"valueName":"search_term_string"}}],"inLanguage":"es"},{"@type":"Organization","@id":"https:\/\/somescola.com\/es\/#organization","name":"Som Escola","url":"https:\/\/somescola.com\/es\/","logo":{"@type":"ImageObject","inLanguage":"es","@id":"https:\/\/somescola.com\/es\/#\/schema\/logo\/image\/","url":"https:\/\/somescola.com\/wp-content\/uploads\/2025\/05\/Logo_Som_Escola_png.png","contentUrl":"https:\/\/somescola.com\/wp-content\/uploads\/2025\/05\/Logo_Som_Escola_png.png","width":2022,"height":1609,"caption":"Som Escola"},"image":{"@id":"https:\/\/somescola.com\/es\/#\/schema\/logo\/image\/"},"sameAs":["https:\/\/www.facebook.com\/somescolavalencia","https:\/\/www.instagram.com\/somescolavalencia\/","https:\/\/www.youtube.com\/@somescolavalencia1324"]}]}},"_links":{"self":[{"href":"https:\/\/somescola.com\/es\/wp-json\/wp\/v2\/pages\/4118","targetHints":{"allow":["GET"]}}],"collection":[{"href":"https:\/\/somescola.com\/es\/wp-json\/wp\/v2\/pages"}],"about":[{"href":"https:\/\/somescola.com\/es\/wp-json\/wp\/v2\/types\/page"}],"author":[{"embeddable":true,"href":"https:\/\/somescola.com\/es\/wp-json\/wp\/v2\/users\/1"}],"replies":[{"embeddable":true,"href":"https:\/\/somescola.com\/es\/wp-json\/wp\/v2\/comments?post=4118"}],"version-history":[{"count":1,"href":"https:\/\/somescola.com\/es\/wp-json\/wp\/v2\/pages\/4118\/revisions"}],"predecessor-version":[{"id":4122,"href":"https:\/\/somescola.com\/es\/wp-json\/wp\/v2\/pages\/4118\/revisions\/4122"}],"wp:attachment":[{"href":"https:\/\/somescola.com\/es\/wp-json\/wp\/v2\/media?parent=4118"}],"curies":[{"name":"wp","href":"https:\/\/api.w.org\/{rel}","templated":true}]}}